{"id":189,"date":"2025-03-03T12:27:38","date_gmt":"2025-03-03T12:27:38","guid":{"rendered":"https:\/\/solsius.fr\/?page_id=189"},"modified":"2026-03-21T20:04:19","modified_gmt":"2026-03-21T20:04:19","slug":"a-propos","status":"publish","type":"page","link":"https:\/\/solsius.fr\/de\/a-propos\/","title":{"rendered":"\u00dcber"},"content":{"rendered":"\t\t<div data-elementor-type=\"wp-page\" data-elementor-id=\"189\" class=\"elementor elementor-189\" data-elementor-post-type=\"page\">\n\t\t\t\t<div class=\"elementor-element elementor-element-f00464d e-flex e-con-boxed e-con e-parent\" data-id=\"f00464d\" data-element_type=\"container\" data-e-type=\"container\" data-settings=\"{&quot;background_background&quot;:&quot;classic&quot;,&quot;background_motion_fx_motion_fx_scrolling&quot;:&quot;yes&quot;,&quot;background_motion_fx_translateY_effect&quot;:&quot;yes&quot;,&quot;background_motion_fx_translateY_direction&quot;:&quot;negative&quot;,&quot;background_motion_fx_translateY_speed&quot;:{&quot;unit&quot;:&quot;px&quot;,&quot;size&quot;:4,&quot;sizes&quot;:[]},&quot;background_motion_fx_translateY_affectedRange&quot;:{&quot;unit&quot;:&quot;%&quot;,&quot;size&quot;:&quot;&quot;,&quot;sizes&quot;:{&quot;start&quot;:0,&quot;end&quot;:100}},&quot;background_motion_fx_devices&quot;:[&quot;desktop&quot;,&quot;tablet&quot;,&quot;mobile&quot;]}\">\n\t\t\t\t\t<div class=\"e-con-inner\">\n\t\t\t\t<div class=\"elementor-element elementor-element-a018bb9 elementor-widget elementor-widget-heading\" data-id=\"a018bb9\" data-element_type=\"widget\" data-e-type=\"widget\" data-widget_type=\"heading.default\">\n\t\t\t\t<div class=\"elementor-widget-container\">\n\t\t\t\t\t<h1 class=\"elementor-heading-title elementor-size-default\">\u00c0 propos<\/h1>\t\t\t\t<\/div>\n\t\t\t\t<\/div>\n\t\t\t\t\t<\/div>\n\t\t\t\t<\/div>\n\t\t<div class=\"elementor-element elementor-element-2a0a81c e-con-full e-flex e-con e-parent\" data-id=\"2a0a81c\" data-element_type=\"container\" data-e-type=\"container\">\n\t\t\t\t<div class=\"elementor-element elementor-element-a5ae29f elementor-widget elementor-widget-heading\" data-id=\"a5ae29f\" data-element_type=\"widget\" data-e-type=\"widget\" data-widget_type=\"heading.default\">\n\t\t\t\t<div class=\"elementor-widget-container\">\n\t\t\t\t\t<h2 class=\"elementor-heading-title elementor-size-default\">Une volont\u00e9 d\u2019am\u00e9liorer la prise en charge du pied diab\u00e9tique\n<\/h2>\t\t\t\t<\/div>\n\t\t\t\t<\/div>\n\t\t\t\t<div class=\"elementor-element elementor-element-99d1fe5 elementor-widget elementor-widget-text-editor\" data-id=\"99d1fe5\" data-element_type=\"widget\" data-e-type=\"widget\" data-widget_type=\"text-editor.default\">\n\t\t\t\t<div class=\"elementor-widget-container\">\n\t\t\t\t\t\t\t\t\t<p><span style=\"font-weight: 400;\">Le projet Solsius est n\u00e9 d\u2019une ambition claire : am\u00e9liorer la qualit\u00e9 et l\u2019esp\u00e9rance de vie des patients diab\u00e9tiques en pr\u00e9venant le risque d&rsquo;ulc\u00e8re du pied. Actuellement, le pied diab\u00e9tique est class\u00e9 selon plusieurs cat\u00e9gories de risques, allant du grade 0 (risque tr\u00e8s faible) au grade 3 (risque \u00e9lev\u00e9). Cette classification d\u00e9termine le protocole de prise en charge et la fr\u00e9quence des actions de d\u00e9pistage pr\u00e9ventif, pouvant varier d&rsquo;une visite annuelle \u00e0 un maximum de six par an.<\/span><\/p><p><span style=\"font-weight: 400;\">Toutefois, la d\u00e9tection des ulc\u00e8res repose <\/span><b>uniquement sur ces consultations<\/b><span style=\"font-weight: 400;\">, qui interviennent souvent \u00e0 un <\/span><b>stade avanc\u00e9 de la plaie<\/b><span style=\"font-weight: 400;\">.\u00a0<\/span><\/p><p><span style=\"font-weight: 400;\">En raison de la <\/span><b>neuropathie<\/b><span style=\"font-weight: 400;\">, les patients diab\u00e9tiques perdent progressivement la <\/span><b>sensation dans leurs pieds<\/b><span style=\"font-weight: 400;\">, ce qui r\u00e9duit leur capacit\u00e9 \u00e0 d\u00e9tecter les blessures et augmente le risque d&rsquo;infections et d&rsquo;ulc\u00e9rations. Ainsi, <\/span><b>40 % des ulc\u00e8res <\/b><span style=\"font-weight: 400;\">du pied diab\u00e9tique sont d\u00e9couverts de mani\u00e8re fortuite.<\/span><\/p>\t\t\t\t\t\t\t\t<\/div>\n\t\t\t\t<\/div>\n\t\t\t\t<\/div>\n\t\t<div class=\"elementor-element elementor-element-1c06fc3 e-con-full e-flex e-con e-parent\" data-id=\"1c06fc3\" data-element_type=\"container\" data-e-type=\"container\">\n\t\t\t\t<div class=\"elementor-element elementor-element-c73bc78 elementor-widget elementor-widget-heading\" data-id=\"c73bc78\" data-element_type=\"widget\" data-e-type=\"widget\" data-widget_type=\"heading.default\">\n\t\t\t\t<div class=\"elementor-widget-container\">\n\t\t\t\t\t<h2 class=\"elementor-heading-title elementor-size-default\">Un probl\u00e8me de sant\u00e9 publique\n<\/h2>\t\t\t\t<\/div>\n\t\t\t\t<\/div>\n\t\t\t\t<div class=\"elementor-element elementor-element-c273f23 elementor-widget elementor-widget-text-editor\" data-id=\"c273f23\" data-element_type=\"widget\" data-e-type=\"widget\" data-widget_type=\"text-editor.default\">\n\t\t\t\t<div class=\"elementor-widget-container\">\n\t\t\t\t\t\t\t\t\t<p><span style=\"font-weight: 400;\">En Europe, <\/span><b>6 millions de patients<\/b><span style=\"font-weight: 400;\"> sont class\u00e9s en grade podologique 2 ou 3.\u00a0<\/span><\/p><p><span style=\"font-weight: 400;\">Chaque ann\u00e9e :<\/span><\/p><ul><li style=\"font-weight: 400;\" aria-level=\"1\"><b>1,2 million de patients<\/b><span style=\"font-weight: 400;\"> d\u00e9veloppent un ulc\u00e8re du pied diab\u00e9tique.<\/span><\/li><li style=\"font-weight: 400;\" aria-level=\"1\"><b>250 000 subissent une amputation<\/b><span style=\"font-weight: 400;\">.<\/span><\/li><\/ul><p><span style=\"font-weight: 400;\"><br \/>M\u00eame avec des soins adapt\u00e9s,<\/span><b> 77 % des ulc\u00e8res mettent plus d&rsquo;un an \u00e0 cicatriser<\/b><span style=\"font-weight: 400;\">.<\/span><\/p><p><span style=\"font-weight: 400;\">Le co\u00fbt de la prise en charge est consid\u00e9rable : <\/span><b>28 milliards d&rsquo;euros par an en Europe, dont 700 millions en France<\/b><span style=\"font-weight: 400;\">. Pourtant, la majorit\u00e9 de ces ulc\u00e8res pourraient \u00eatre \u00e9vit\u00e9s gr\u00e2ce \u00e0 une technologie innovante : <\/span><b>la surveillance \u00e0 distance de la temp\u00e9rature du pied diab\u00e9tique<\/b><span style=\"font-weight: 400;\">.<\/span><\/p>\t\t\t\t\t\t\t\t<\/div>\n\t\t\t\t<\/div>\n\t\t\t\t<\/div>\n\t\t<div class=\"elementor-element elementor-element-2b67e18 e-con-full e-flex e-con e-parent\" data-id=\"2b67e18\" data-element_type=\"container\" data-e-type=\"container\">\n\t\t\t\t<div class=\"elementor-element elementor-element-53482a4 elementor-widget elementor-widget-heading\" data-id=\"53482a4\" data-element_type=\"widget\" data-e-type=\"widget\" data-widget_type=\"heading.default\">\n\t\t\t\t<div class=\"elementor-widget-container\">\n\t\t\t\t\t<h2 class=\"elementor-heading-title elementor-size-default\">La cr\u00e9ation de Solsius\n<\/h2>\t\t\t\t<\/div>\n\t\t\t\t<\/div>\n\t\t\t\t<div class=\"elementor-element elementor-element-15ffb8d elementor-widget elementor-widget-text-editor\" data-id=\"15ffb8d\" data-element_type=\"widget\" data-e-type=\"widget\" data-widget_type=\"text-editor.default\">\n\t\t\t\t<div class=\"elementor-widget-container\">\n\t\t\t\t\t\t\t\t\t<p><span style=\"font-weight: 400;\">C&rsquo;est dans cette optique que Charles Perrard, CEO de Sparkling Partners, et Rodolphe Renault se sont associ\u00e9s pour d\u00e9velopper une solution innovante. Ils ont mis en commun :<\/span><\/p><ul><li style=\"font-weight: 400;\" aria-level=\"1\"><span style=\"font-weight: 400;\">Le savoir-faire de Sparkling Partners, pionnier de la t\u00e9l\u00e9surveillance cardiaque avec le lancement de Newcard (solution int\u00e9gr\u00e9e dans le droit commun depuis juillet 2023).<\/span><\/li><li style=\"font-weight: 400;\" aria-level=\"1\"><span style=\"font-weight: 400;\">L&rsquo;exp\u00e9rience de Rodolphe Renault, expert IoT depuis plus de 20 ans.<\/span><\/li><\/ul><p><span style=\"font-weight: 400;\"><br \/>Leur priorit\u00e9 a \u00e9t\u00e9 d&rsquo;interroger de nombreux professionnels de sant\u00e9 sp\u00e9cialis\u00e9s dans le pied diab\u00e9tique et d&rsquo;initier des travaux exploratoires pour \u00e9valuer la faisabilit\u00e9 technique et clinique du projet.<\/span><\/p><p><span style=\"font-weight: 400;\">Des recherches cliniques ont \u00e9t\u00e9 men\u00e9es en collaboration avec la Soci\u00e9t\u00e9 Fran\u00e7aise du Diab\u00e8te et sous l&rsquo;impulsion du Dr Nicolas Reymond, podologue de r\u00e9f\u00e9rence. Ces travaux ont r\u00e9uni plus de 50 articles scientifiques d\u00e9montrant l&rsquo;int\u00e9r\u00eat du Remote Temperature Monitoring (RTM) dans la pr\u00e9vention des ulc\u00e8res du pied diab\u00e9tique, synth\u00e9tis\u00e9s dans la m\u00e9ta-analyse \u00ab\u00a0Remote Temperature Monitoring of the Diabetic Foot: From Research to Practice\u00a0\u00bb.<\/span><\/p><p><span style=\"font-weight: 400;\">Ces recherches, combin\u00e9es aux \u00e9tudes men\u00e9es avec des sp\u00e9cialistes reconnus (dont le Pr Ariane Sultan &#8211; CHU de Montpellier), ont mis en lumi\u00e8re l&rsquo;efficacit\u00e9 d&rsquo;une solution de t\u00e9l\u00e9m\u00e9decine pour le suivi de la temp\u00e9rature des pieds diab\u00e9tiques. Fond\u00e9e sur des preuves cliniques, cette technologie est recommand\u00e9e mais encore sous-utilis\u00e9e, alors qu\u2019elle pourrait r\u00e9volutionner la prise en charge du pied diab\u00e9tique.<\/span><\/p><p><span style=\"font-weight: 400;\">Fort de ces r\u00e9sultats et apr\u00e8s plusieurs mois de consultation avec les parties prenantes du corps m\u00e9dical, la startup <\/span><b>Solsius<\/b><span style=\"font-weight: 400;\"> a \u00e9t\u00e9 cr\u00e9\u00e9e en octobre 2023.<\/span><\/p>\t\t\t\t\t\t\t\t<\/div>\n\t\t\t\t<\/div>\n\t\t\t\t<\/div>\n\t\t<div class=\"elementor-element elementor-element-0ab595c e-con-full e-flex e-con e-parent\" data-id=\"0ab595c\" data-element_type=\"container\" data-e-type=\"container\">\n\t\t\t\t<div class=\"elementor-element elementor-element-10b48fc elementor-widget elementor-widget-heading\" data-id=\"10b48fc\" data-element_type=\"widget\" data-e-type=\"widget\" data-widget_type=\"heading.default\">\n\t\t\t\t<div class=\"elementor-widget-container\">\n\t\t\t\t\t<h2 class=\"elementor-heading-title elementor-size-default\">L'origine et les cons\u00e9quences d'un ulc\u00e8re du pied diab\u00e9tique\n<\/h2>\t\t\t\t<\/div>\n\t\t\t\t<\/div>\n\t\t\t\t<div class=\"elementor-element elementor-element-e0ffbdf elementor-widget elementor-widget-text-editor\" data-id=\"e0ffbdf\" data-element_type=\"widget\" data-e-type=\"widget\" data-widget_type=\"text-editor.default\">\n\t\t\t\t<div class=\"elementor-widget-container\">\n\t\t\t\t\t\t\t\t\t<p><b>L&rsquo;ulc\u00e8re du pied diab\u00e9tique<\/b><span style=\"font-weight: 400;\"> r\u00e9sulte principalement de <\/span><b>neuropathies p\u00e9riph\u00e9riques<\/b><span style=\"font-weight: 400;\"> et d&rsquo;une <\/span><b>alt\u00e9ration de la circulation sanguine<\/b><span style=\"font-weight: 400;\"> (<\/span><b>AOMI<\/b><span style=\"font-weight: 400;\">). La <\/span><b>perte de sensation<\/b><span style=\"font-weight: 400;\"> chez les patients diab\u00e9tiques les emp\u00eache de d\u00e9tecter les blessures, ce qui accro\u00eet consid\u00e9rablement le risque d&rsquo;infections et d&rsquo;ulc\u00e9rations. Cette probl\u00e9matique devient majeure, car les cons\u00e9quences peuvent \u00eatre gravissimes : le diab\u00e8te demeure la premi\u00e8re cause d\u2019amputation.<\/span><\/p><p><span style=\"font-weight: 400;\">Pr\u00e8s de <\/span><b>25 % des personnes diab\u00e9tiques<\/b><span style=\"font-weight: 400;\"> seront concern\u00e9es un jour ou l\u2019autre par des affections des pieds. Leurs apparitions doivent \u00eatre surveill\u00e9es avec la plus grande vigilance, car elles passent souvent inaper\u00e7ues et \u00e9voluent silencieusement. Il est donc tr\u00e8s important de r\u00e9agir dans les meilleurs d\u00e9lais.<\/span><span style=\"font-weight: 400;\"><br \/><\/span><span style=\"font-weight: 400;\"><br \/><\/span><span style=\"font-weight: 400;\">Des \u00e9tudes ont montr\u00e9 que les <\/span><b>changements de temp\u00e9rature<\/b><span style=\"font-weight: 400;\"> pr\u00e9c\u00e8dent presque syst\u00e9matiquement<\/span><b> l\u2019apparition visuelle d\u2019ulc\u00e8res<\/b><span style=\"font-weight: 400;\">.<\/span><\/p><p><span style=\"font-weight: 400;\">Un <\/span><b>\u00e9cart de temp\u00e9rature significatif<\/b><span style=\"font-weight: 400;\"> entre le pied droit et le pied gauche est un <\/span><b>indicateur pr\u00e9coce<\/b><span style=\"font-weight: 400;\"> de perturbations dans la r\u00e9gulation thermique, annon\u00e7ant un risque accru d\u2019ulc\u00e9rations. Des \u00e9tudes ont montr\u00e9 que la surveillance de la temp\u00e9rature peut permettre une d\u00e9tection pr\u00e9coce des zones \u00e0 risque, permettant une intervention rapide pour pr\u00e9venir la formation d\u2019ulc\u00e8res.<\/span><span style=\"font-weight: 400;\"><br \/><br \/><\/span><\/p><p><span style=\"font-weight: 400;\">En identifiant pr\u00e9cocement les modifications thermiques, il devient possible d\u2019adopter une <\/span><b>approche proactive<\/b><span style=\"font-weight: 400;\"> envers les facteurs de risque, tels que la pression excessive sur des zones sp\u00e9cifiques du pied. En intervenant avant que les ulc\u00e8res ne se d\u00e9veloppent, il devient envisageable de <\/span><b>pr\u00e9venir <\/b><span style=\"font-weight: 400;\">des complications graves, notamment les infections s\u00e9v\u00e8res et les amputations.<\/span><\/p><p><span style=\"font-weight: 400;\">Bien que la surveillance de la temp\u00e9rature plantaire du pied diab\u00e9tique ne soit pas encore int\u00e9gr\u00e9e dans les recommandations de l\u2019HAS, elle a \u00e9t\u00e9 ajout\u00e9e aux recommandations de <\/span><b>l\u2019IWGDF <\/b><span style=\"font-weight: 400;\">(International Working Group on the Diabetic Foot) depuis 2023.<\/span><\/p><p><b>Selon ces nouvelles recommandations :<\/b><\/p><p><span style=\"font-weight: 400;\">Il est recommand\u00e9 que les personnes diab\u00e9tiques pr\u00e9sentant un risque mod\u00e9r\u00e9 \u00e0 \u00e9lev\u00e9 d\u2019ulc\u00e9ration du pied (risque 2-3 selon l\u2019IWGDF) <\/span><b>surveillent quotidiennement<\/b><span style=\"font-weight: 400;\"> la temp\u00e9rature de la peau de leurs pieds.<\/span><\/p><p><span style=\"font-weight: 400;\">Cette mesure permet de d\u00e9tecter pr\u00e9cocement toute inflammation et de pr\u00e9venir l\u2019apparition d\u2019un premier ulc\u00e8re plantaire ou une r\u00e9cidive.<\/span><\/p><p><span style=\"font-weight: 400;\">Si une diff\u00e9rence de temp\u00e9rature sup\u00e9rieure \u00e0 <\/span><b>2,2 \u00b0C <\/b><span style=\"font-weight: 400;\">(4,0 \u00b0F) est observ\u00e9e entre des zones correspondantes du pied gauche et du pied droit pendant deux jours cons\u00e9cutifs, il est conseill\u00e9 au patient de <\/span><b>limiter son activit\u00e9 ambulatoire<\/b><span style=\"font-weight: 400;\"> et de <\/span><b>consulter <\/b><span style=\"font-weight: 400;\">rapidement un professionnel de sant\u00e9 qualifi\u00e9 pour une \u00e9valuation approfondie et un traitement adapt\u00e9.<\/span><\/p>\t\t\t\t\t\t\t\t<\/div>\n\t\t\t\t<\/div>\n\t\t\t\t<\/div>\n\t\t<div class=\"elementor-element elementor-element-2e41e8d e-flex e-con-boxed e-con e-parent\" data-id=\"2e41e8d\" data-element_type=\"container\" data-e-type=\"container\">\n\t\t\t\t\t<div class=\"e-con-inner\">\n\t\t\t\t<div class=\"elementor-element elementor-element-6a45501 elementor-widget elementor-widget-heading\" data-id=\"6a45501\" data-element_type=\"widget\" data-e-type=\"widget\" data-widget_type=\"heading.default\">\n\t\t\t\t<div class=\"elementor-widget-container\">\n\t\t\t\t\t<h2 class=\"elementor-heading-title elementor-size-default\">Ressources<\/h2>\t\t\t\t<\/div>\n\t\t\t\t<\/div>\n\t\t\t\t<div class=\"elementor-element elementor-element-aaea35f elementor-widget elementor-widget-shortcode\" data-id=\"aaea35f\" data-element_type=\"widget\" data-e-type=\"widget\" data-widget_type=\"shortcode.default\">\n\t\t\t\t<div class=\"elementor-widget-container\">\n\t\t\t\t\t\t\t<div class=\"elementor-shortcode\">\n    <div class=\"sol-res-grid\">\n                <div class=\"sol-res-card\">\n            <a href=\"https:\/\/solsius.fr\/de\/ressourcen\/patientenbroschure\/\"\n               class=\"sol-res-thumb is-pdf-doc\"\n               style=\"background-image:url(https:\/\/solsius.fr\/wp-content\/uploads\/2026\/03\/Group-1533-scaled.jpg)\">\n                            <\/a>\n            <div class=\"sol-res-body\">\n                <div class=\"sol-res-tag\">Brochure<\/div>                <div class=\"sol-res-title\"><a href=\"https:\/\/solsius.fr\/de\/ressourcen\/patientenbroschure\/\">Brochure \u00ab\u00a0Patient\u00a0\u00bb<\/a><\/div>\n                <p class=\"sol-res-desc\">Cette brochure destin\u00e9e aux patients pr\u00e9sente la solution de surveillance de la temp\u00e9rature plantaire, d\u00e9velopp\u00e9e par Solsius pour les patients diab\u00e9tiques.<\/p>                <div class=\"sol-res-actions\">\n                    <a class=\"sol-res-btn-outline\" href=\"https:\/\/solsius.fr\/de\/ressourcen\/patientenbroschure\/\">En savoir plus<\/a>\n                <\/div>\n            <\/div>\n        <\/div>\n                <div class=\"sol-res-card\">\n            <a href=\"https:\/\/solsius.fr\/de\/ressourcen\/broschure-gesundheitsfachkraft\/\"\n               class=\"sol-res-thumb is-pdf-doc\"\n               style=\"background-image:url(https:\/\/solsius.fr\/wp-content\/uploads\/2026\/03\/Group-1527-1.png)\">\n                            <\/a>\n            <div class=\"sol-res-body\">\n                <div class=\"sol-res-tag\">Brochure<\/div>                <div class=\"sol-res-title\"><a href=\"https:\/\/solsius.fr\/de\/ressourcen\/broschure-gesundheitsfachkraft\/\">Brochure \u00ab\u00a0Professionnel de sant\u00e9\u00a0\u00bb<\/a><\/div>\n                <p class=\"sol-res-desc\">Cette brochure destin\u00e9e aux professionnels de sant\u00e9 pr\u00e9sente la solution de surveillance de la temp\u00e9rature plantaire, d\u00e9velopp\u00e9e par Solsius pour les patients diab\u00e9tiques.<\/p>                <div class=\"sol-res-actions\">\n                    <a class=\"sol-res-btn-outline\" href=\"https:\/\/solsius.fr\/de\/ressourcen\/broschure-gesundheitsfachkraft\/\">En savoir plus<\/a>\n                <\/div>\n            <\/div>\n        <\/div>\n                <div class=\"sol-res-card\">\n            <a href=\"https:\/\/solsius.fr\/de\/ressourcen\/dr-jimmy-mohamed\/\"\n               class=\"sol-res-thumb \"\n               style=\"background-image:url(https:\/\/solsius.fr\/wp-content\/uploads\/2026\/03\/rtl-jimmy-minia-1024x576.jpg)\">\n                                    <div class=\"sol-res-play\"><div class=\"sol-res-play-in\">\n                        <svg width=\"13\" height=\"13\" viewBox=\"0 0 13 13\" fill=\"none\"><polygon points=\"3,1 12,6.5 3,12\" fill=\"#022493\"\/><\/svg>\n                    <\/div><\/div>\n                            <\/a>\n            <div class=\"sol-res-body\">\n                <div class=\"sol-res-tag\">Vid\u00e9o<\/div>                <div class=\"sol-res-title\"><a href=\"https:\/\/solsius.fr\/de\/ressourcen\/dr-jimmy-mohamed\/\">Dr. Jimmy Mohamed<\/a><\/div>\n                <p class=\"sol-res-desc\">Le Dr Jimmy Mohamed, m\u00e9decin et chroniqueur sant\u00e9 sur RTL, consacre une chronique au pied diab\u00e9tique : risques, signes d&#039;alerte et importance de la pr\u00e9vention.<\/p>                <div class=\"sol-res-actions\">\n                    <a class=\"sol-res-btn-outline\" href=\"https:\/\/solsius.fr\/de\/ressourcen\/dr-jimmy-mohamed\/\">En savoir plus<\/a>\n                <\/div>\n            <\/div>\n        <\/div>\n                <div class=\"sol-res-card\">\n            <a href=\"https:\/\/solsius.fr\/de\/ressourcen\/produkt-weisbuch\/\"\n               class=\"sol-res-thumb is-pdf-doc\"\n               style=\"background-image:url(https:\/\/solsius.fr\/wp-content\/uploads\/2026\/03\/Group-1531-scaled.png)\">\n                            <\/a>\n            <div class=\"sol-res-body\">\n                <div class=\"sol-res-tag\">Livre blanc<\/div>                <div class=\"sol-res-title\"><a href=\"https:\/\/solsius.fr\/de\/ressourcen\/produkt-weisbuch\/\">Livre blanc du produit<\/a><\/div>\n                <p class=\"sol-res-desc\">Ce livre blanc pr\u00e9sente le dispositif m\u00e9dical innovant Solsius SelfCare, marqu\u00e9 CE, d\u00e9di\u00e9 \u00e0 la d\u00e9t\u00e9ction de variation anormale de temp\u00e9rature plantaire, pouvant \u00eatre le signe pr\u00e9coce d\u2019apparitions d\u2019ulc\u00e8res du pied diab\u00e9tique.<\/p>                <div class=\"sol-res-actions\">\n                    <a class=\"sol-res-btn-outline\" href=\"https:\/\/solsius.fr\/de\/ressourcen\/produkt-weisbuch\/\">En savoir plus<\/a>\n                <\/div>\n            <\/div>\n        <\/div>\n                <div class=\"sol-res-card\">\n            <a href=\"https:\/\/solsius.fr\/de\/ressourcen\/weisbuch-diabetischer-fus\/\"\n               class=\"sol-res-thumb is-pdf-doc\"\n               style=\"background-image:url(https:\/\/solsius.fr\/wp-content\/uploads\/2026\/03\/Group-1532-scaled.jpg)\">\n                            <\/a>\n            <div class=\"sol-res-body\">\n                <div class=\"sol-res-tag\">Livre blanc<\/div>                <div class=\"sol-res-title\"><a href=\"https:\/\/solsius.fr\/de\/ressourcen\/weisbuch-diabetischer-fus\/\">Livre blanc du pied diab\u00e9tique<\/a><\/div>\n                <p class=\"sol-res-desc\">Ce livre blanc est un guide complet d\u00e9di\u00e9 \u00e0 la pr\u00e9vention et \u00e0 la prise en charge du pied diab\u00e9tique, \u00e0 destination des patients et des professionnels de sant\u00e9.<\/p>                <div class=\"sol-res-actions\">\n                    <a class=\"sol-res-btn-outline\" href=\"https:\/\/solsius.fr\/de\/ressourcen\/weisbuch-diabetischer-fus\/\">En savoir plus<\/a>\n                <\/div>\n            <\/div>\n        <\/div>\n            <\/div>\n\n    <\/div>\n\t\t\t\t\t\t<\/div>\n\t\t\t\t<\/div>\n\t\t\t\t\t<\/div>\n\t\t\t\t<\/div>\n\t\t\t\t<\/div>\n\t\t","protected":false},"excerpt":{"rendered":"<p>\u00c0 propos Une volont\u00e9 d\u2019am\u00e9liorer la prise en charge du pied diab\u00e9tique Le projet Solsius est n\u00e9 d\u2019une ambition claire : am\u00e9liorer la qualit\u00e9 et l\u2019esp\u00e9rance de vie des patients diab\u00e9tiques en pr\u00e9venant le risque d&rsquo;ulc\u00e8re du pied. Actuellement, le pied diab\u00e9tique est class\u00e9 selon plusieurs cat\u00e9gories de risques, allant du grade 0 (risque tr\u00e8s [&hellip;]<\/p>\n","protected":false},"author":1,"featured_media":0,"parent":0,"menu_order":0,"comment_status":"closed","ping_status":"closed","template":"","meta":{"_acf_changed":false,"footnotes":""},"class_list":["post-189","page","type-page","status-publish","hentry"],"acf":[],"yoast_head":"<!-- This site is optimized with the Yoast SEO plugin v27.1.1 - https:\/\/yoast.com\/product\/yoast-seo-wordpress\/ -->\n<title>\u00c0 propos | Solsius<\/title>\n<meta name=\"description\" content=\"D\u00e9couvrez notre mission, nos valeurs et notre expertise au service de vos projets.\" \/>\n<meta name=\"robots\" content=\"index, follow, max-snippet:-1, max-image-preview:large, max-video-preview:-1\" \/>\n<link rel=\"canonical\" href=\"https:\/\/solsius.fr\/de\/a-propos\/\" \/>\n<meta property=\"og:locale\" content=\"de_DE\" \/>\n<meta property=\"og:type\" content=\"article\" \/>\n<meta property=\"og:title\" content=\"\u00c0 propos | Solsius\" \/>\n<meta property=\"og:description\" content=\"D\u00e9couvrez notre mission, nos valeurs et notre expertise au service de vos projets.\" \/>\n<meta property=\"og:url\" content=\"https:\/\/solsius.fr\/de\/a-propos\/\" \/>\n<meta property=\"og:site_name\" content=\"Solsius\" \/>\n<meta property=\"article:modified_time\" content=\"2026-03-21T20:04:19+00:00\" \/>\n<meta property=\"og:image\" content=\"https:\/\/solsius.fr\/wp-content\/uploads\/2025\/02\/Image.png\" \/>\n\t<meta property=\"og:image:width\" content=\"438\" \/>\n\t<meta property=\"og:image:height\" content=\"142\" \/>\n\t<meta property=\"og:image:type\" content=\"image\/png\" \/>\n<meta name=\"twitter:card\" content=\"summary_large_image\" \/>\n<meta name=\"twitter:label1\" content=\"Gesch\u00e4tzte Lesezeit\" \/>\n\t<meta name=\"twitter:data1\" content=\"5\u00a0Minuten\" \/>\n<script type=\"application\/ld+json\" class=\"yoast-schema-graph\">{\"@context\":\"https:\/\/schema.org\",\"@graph\":[{\"@type\":\"WebPage\",\"@id\":\"https:\/\/solsius.fr\/a-propos\/\",\"url\":\"https:\/\/solsius.fr\/a-propos\/\",\"name\":\"\u00c0 propos | Solsius\",\"isPartOf\":{\"@id\":\"https:\/\/solsius.fr\/#website\"},\"datePublished\":\"2025-03-03T12:27:38+00:00\",\"dateModified\":\"2026-03-21T20:04:19+00:00\",\"description\":\"D\u00e9couvrez notre mission, nos valeurs et notre expertise au service de vos projets.\",\"breadcrumb\":{\"@id\":\"https:\/\/solsius.fr\/a-propos\/#breadcrumb\"},\"inLanguage\":\"de\",\"potentialAction\":[{\"@type\":\"ReadAction\",\"target\":[\"https:\/\/solsius.fr\/a-propos\/\"]}]},{\"@type\":\"BreadcrumbList\",\"@id\":\"https:\/\/solsius.fr\/a-propos\/#breadcrumb\",\"itemListElement\":[{\"@type\":\"ListItem\",\"position\":1,\"name\":\"Home\",\"item\":\"https:\/\/solsius.fr\/\"},{\"@type\":\"ListItem\",\"position\":2,\"name\":\"A propos\"}]},{\"@type\":\"WebSite\",\"@id\":\"https:\/\/solsius.fr\/#website\",\"url\":\"https:\/\/solsius.fr\/\",\"name\":\"Solsius\",\"description\":\"Solsius\",\"publisher\":{\"@id\":\"https:\/\/solsius.fr\/#organization\"},\"potentialAction\":[{\"@type\":\"SearchAction\",\"target\":{\"@type\":\"EntryPoint\",\"urlTemplate\":\"https:\/\/solsius.fr\/?s={search_term_string}\"},\"query-input\":{\"@type\":\"PropertyValueSpecification\",\"valueRequired\":true,\"valueName\":\"search_term_string\"}}],\"inLanguage\":\"de\"},{\"@type\":\"Organization\",\"@id\":\"https:\/\/solsius.fr\/#organization\",\"name\":\"Solsius\",\"url\":\"https:\/\/solsius.fr\/\",\"logo\":{\"@type\":\"ImageObject\",\"inLanguage\":\"de\",\"@id\":\"https:\/\/solsius.fr\/#\/schema\/logo\/image\/\",\"url\":\"https:\/\/solsius.fr\/wp-content\/uploads\/2025\/02\/Image.png\",\"contentUrl\":\"https:\/\/solsius.fr\/wp-content\/uploads\/2025\/02\/Image.png\",\"width\":438,\"height\":142,\"caption\":\"Solsius\"},\"image\":{\"@id\":\"https:\/\/solsius.fr\/#\/schema\/logo\/image\/\"},\"sameAs\":[\"http:\/\/www.linkedin.com\/company\/solsius\"]}]}<\/script>\n<!-- \/ Yoast SEO plugin. -->","yoast_head_json":{"title":"\u00dcber uns | Solsius","description":"Erfahren Sie mehr \u00fcber unsere Mission, unsere Werte und unser Fachwissen im Dienste Ihrer Projekte.","robots":{"index":"index","follow":"follow","max-snippet":"max-snippet:-1","max-image-preview":"max-image-preview:large","max-video-preview":"max-video-preview:-1"},"canonical":"https:\/\/solsius.fr\/de\/a-propos\/","og_locale":"de_DE","og_type":"article","og_title":"\u00c0 propos | Solsius","og_description":"D\u00e9couvrez notre mission, nos valeurs et notre expertise au service de vos projets.","og_url":"https:\/\/solsius.fr\/de\/a-propos\/","og_site_name":"Solsius","article_modified_time":"2026-03-21T20:04:19+00:00","og_image":[{"width":438,"height":142,"url":"https:\/\/solsius.fr\/wp-content\/uploads\/2025\/02\/Image.png","type":"image\/png"}],"twitter_card":"summary_large_image","twitter_misc":{"Gesch\u00e4tzte Lesezeit":"5\u00a0Minuten"},"schema":{"@context":"https:\/\/schema.org","@graph":[{"@type":"WebPage","@id":"https:\/\/solsius.fr\/a-propos\/","url":"https:\/\/solsius.fr\/a-propos\/","name":"\u00dcber uns | Solsius","isPartOf":{"@id":"https:\/\/solsius.fr\/#website"},"datePublished":"2025-03-03T12:27:38+00:00","dateModified":"2026-03-21T20:04:19+00:00","description":"Erfahren Sie mehr \u00fcber unsere Mission, unsere Werte und unser Fachwissen im Dienste Ihrer Projekte.","breadcrumb":{"@id":"https:\/\/solsius.fr\/a-propos\/#breadcrumb"},"inLanguage":"de","potentialAction":[{"@type":"ReadAction","target":["https:\/\/solsius.fr\/a-propos\/"]}]},{"@type":"BreadcrumbList","@id":"https:\/\/solsius.fr\/a-propos\/#breadcrumb","itemListElement":[{"@type":"ListItem","position":1,"name":"Home","item":"https:\/\/solsius.fr\/"},{"@type":"ListItem","position":2,"name":"A propos"}]},{"@type":"WebSite","@id":"https:\/\/solsius.fr\/#website","url":"https:\/\/solsius.fr\/","name":"Solsius","description":"Solsius","publisher":{"@id":"https:\/\/solsius.fr\/#organization"},"potentialAction":[{"@type":"SearchAction","target":{"@type":"EntryPoint","urlTemplate":"https:\/\/solsius.fr\/?s={search_term_string}"},"query-input":{"@type":"PropertyValueSpecification","valueRequired":true,"valueName":"search_term_string"}}],"inLanguage":"de"},{"@type":"Organization","@id":"https:\/\/solsius.fr\/#organization","name":"Solsius","url":"https:\/\/solsius.fr\/","logo":{"@type":"ImageObject","inLanguage":"de","@id":"https:\/\/solsius.fr\/#\/schema\/logo\/image\/","url":"https:\/\/solsius.fr\/wp-content\/uploads\/2025\/02\/Image.png","contentUrl":"https:\/\/solsius.fr\/wp-content\/uploads\/2025\/02\/Image.png","width":438,"height":142,"caption":"Solsius"},"image":{"@id":"https:\/\/solsius.fr\/#\/schema\/logo\/image\/"},"sameAs":["http:\/\/www.linkedin.com\/company\/solsius"]}]}},"_links":{"self":[{"href":"https:\/\/solsius.fr\/de\/wp-json\/wp\/v2\/pages\/189","targetHints":{"allow":["GET"]}}],"collection":[{"href":"https:\/\/solsius.fr\/de\/wp-json\/wp\/v2\/pages"}],"about":[{"href":"https:\/\/solsius.fr\/de\/wp-json\/wp\/v2\/types\/page"}],"author":[{"embeddable":true,"href":"https:\/\/solsius.fr\/de\/wp-json\/wp\/v2\/users\/1"}],"replies":[{"embeddable":true,"href":"https:\/\/solsius.fr\/de\/wp-json\/wp\/v2\/comments?post=189"}],"version-history":[{"count":22,"href":"https:\/\/solsius.fr\/de\/wp-json\/wp\/v2\/pages\/189\/revisions"}],"predecessor-version":[{"id":3964,"href":"https:\/\/solsius.fr\/de\/wp-json\/wp\/v2\/pages\/189\/revisions\/3964"}],"wp:attachment":[{"href":"https:\/\/solsius.fr\/de\/wp-json\/wp\/v2\/media?parent=189"}],"curies":[{"name":"wp","href":"https:\/\/api.w.org\/{rel}","templated":true}]}}